{"id":20,"date":"2020-07-16T19:43:12","date_gmt":"2020-07-16T19:43:12","guid":{"rendered":"http:\/\/faridaglobal.org\/?page_id=20"},"modified":"2025-08-08T02:49:23","modified_gmt":"2025-08-07T23:49:23","slug":"about-us","status":"publish","type":"page","link":"https:\/\/faridaglobal.org\/de\/about-us\/","title":{"rendered":"\u00dcber uns:"},"content":{"rendered":"<h3 class=\"wp-block-heading\"><strong>Farida e.V.<\/strong><\/h3>\n\n\n\n<figure class=\"wp-block-pullquote alignwide\"><blockquote><p>Survivors Leading Change. Communities Restoring Hope. Justice Driving Action.<\/p><\/blockquote><\/figure>\n\n\n\n<p>Farida Global Organization (Farida e.V.) is a <strong>survivor-founded, survivor-led<\/strong> non-profit committed to defending human rights, securing justice, and restoring dignity to those affected by genocide, mass atrocities, and conflict-related sexual violence (CRSV). Founded by Yazidi women and men who themselves survived ISIS captivity and displacement, we stand as living testimony that survival is only the beginning \u2014 and that healing, empowerment, and justice are possible when survivors lead the way.<\/p>\n\n\n\n<p>We work <strong>where the wounds of war are still open<\/strong> \u2014 in displacement camps, in destroyed hometowns, and in courtrooms seeking accountability \u2014 providing practical support, legal advocacy, and mental health services that are <strong>culturally sensitive, trauma-informed, and rooted in community resilience<\/strong>.<\/p>\n\n\n\n<p><\/p>\n\n\n\n<!--more-->\n\n\n\n<h4 class=\"wp-block-heading\"><b><span style=\"color: #047170;\">Why we Exist? <\/span>\u00a0<\/b><\/h4>\n\n\n\n<p>On <strong>3 August 2014<\/strong>, the self-proclaimed Islamic State (ISIS) launched a genocidal attack on the Yazidi homeland in Sinjar, Iraq \u2014 killing thousands, abducting over 6,500 women and children, and displacing an entire community. Declared a genocide by the United Nations, these crimes were part of a systematic attempt to erase a people, their culture, and their history.<\/p>\n\n\n\n<p>Many survivors \u2014 especially women and children \u2014 endured <strong>sexual slavery, torture, forced conversions, and extreme violence<\/strong>. Even today, thousands remain missing, families remain separated, and the survivors carry the weight of profound trauma alongside urgent needs for justice, reparations, and safe return.<\/p>\n\n\n\n<figure class=\"wp-block-image size-large\"><img loading=\"lazy\" decoding=\"async\" width=\"1024\" height=\"576\" src=\"https:\/\/faridaglobal.org\/wp-content\/uploads\/2023\/05\/photo_2023-05-16_22-23-52-1024x576.jpg\" alt=\"\" class=\"wp-image-1582\" srcset=\"https:\/\/faridaglobal.org\/wp-content\/uploads\/2023\/05\/photo_2023-05-16_22-23-52-1024x576.jpg 1024w, https:\/\/faridaglobal.org\/wp-content\/uploads\/2023\/05\/photo_2023-05-16_22-23-52-300x169.jpg 300w, https:\/\/faridaglobal.org\/wp-content\/uploads\/2023\/05\/photo_2023-05-16_22-23-52-768x432.jpg 768w, https:\/\/faridaglobal.org\/wp-content\/uploads\/2023\/05\/photo_2023-05-16_22-23-52-18x10.jpg 18w, https:\/\/faridaglobal.org\/wp-content\/uploads\/2023\/05\/photo_2023-05-16_22-23-52.jpg 1280w\" sizes=\"auto, (max-width: 1024px) 100vw, 1024px\" \/><figcaption class=\"wp-element-caption\">Mass Graves in Kocho, Farida e.V. President<\/figcaption><\/figure>\n\n\n\n<p>Farida Global was created <strong>by survivors, for survivors<\/strong>, to ensure that those most affected lead the solutions:<\/p>\n\n\n\n<ul class=\"wp-block-list\">\n<li><strong>To give survivors a voice<\/strong> in shaping policies and programs that affect them.<\/li>\n\n\n\n<li><strong>To deliver life-saving and life-rebuilding services<\/strong> \u2014 from legal representation to specialized psychological care.<\/li>\n\n\n\n<li><strong>To fight for justice<\/strong> so that atrocities like these are never repeated.<\/li>\n<\/ul>\n\n\n\n<p>While our roots are in the Yazidi genocide, our mission extends to <strong>all communities<\/strong> facing persecution, mass atrocities, and CRSV worldwide.<\/p>\n\n\n\n<p><b><span style=\"color: #047170;\">Unsere Vision<\/span><\/b><\/p>\n\n\n\n<p>A world in which survivors of genocide, mass atrocities, and sexual violence are <strong>safe, heard, healed, and empowered<\/strong> \u2014 and where justice, truth, and reparations are guaranteed for all.<\/p>\n\n\n<div class=\"wp-block-image\">\n<figure class=\"aligncenter size-large is-resized\"><img loading=\"lazy\" decoding=\"async\" width=\"860\" height=\"860\" src=\"https:\/\/faridaglobal.org\/wp-content\/uploads\/2025\/08\/5-edited.jpg\" alt=\"\" class=\"wp-image-1966\" style=\"width:783px;height:auto\" srcset=\"https:\/\/faridaglobal.org\/wp-content\/uploads\/2025\/08\/5-edited.jpg 860w, https:\/\/faridaglobal.org\/wp-content\/uploads\/2025\/08\/5-edited-300x300.jpg 300w, https:\/\/faridaglobal.org\/wp-content\/uploads\/2025\/08\/5-edited-150x150.jpg 150w, https:\/\/faridaglobal.org\/wp-content\/uploads\/2025\/08\/5-edited-768x768.jpg 768w, https:\/\/faridaglobal.org\/wp-content\/uploads\/2025\/08\/5-edited-12x12.jpg 12w\" sizes=\"auto, (max-width: 860px) 100vw, 860px\" \/><\/figure><\/div>\n\n\n<p><\/p>\n\n\n\n<p><b><span style=\"color: #047170;\">Our Impact<\/span><\/b><\/p>\n\n\n\n<p>From grassroots interventions in remote camps to high-level advocacy at the United Nations, Farida Global combines <strong>local credibility<\/strong> with <strong>international reach<\/strong>. Our work has:<\/p>\n\n\n\n<ul class=\"wp-block-list\">\n<li>Provided <strong>hundreds of survivors<\/strong> with tailored legal aid to claim rights under the Yazidi Survivors Law (YSL).<\/li>\n\n\n\n<li>Delivered <strong>specialized mental health and psychosocial support<\/strong> to survivors of CRSV in line with IASC and WHO best practices01. <\/li>\n\n\n\n<li>Strengthened <strong>institutional capacity<\/strong> through training of government and civil society actors on survivor-centered, trauma-informed approaches01. <\/li>\n\n\n\n<li>Led <strong>international advocacy campaigns<\/strong>, from European parliaments to global human rights conferences, ensuring that survivor voices are heard at decision-making tables.<\/li>\n<\/ul>\n\n\n<div class=\"wp-block-image\">\n<figure class=\"aligncenter size-large is-resized\"><img loading=\"lazy\" decoding=\"async\" width=\"1024\" height=\"683\" src=\"https:\/\/faridaglobal.org\/wp-content\/uploads\/2025\/08\/DSC08859-1-1024x683.jpg\" alt=\"\" class=\"wp-image-1964\" style=\"width:913px;height:auto\" srcset=\"https:\/\/faridaglobal.org\/wp-content\/uploads\/2025\/08\/DSC08859-1-1024x683.jpg 1024w, https:\/\/faridaglobal.org\/wp-content\/uploads\/2025\/08\/DSC08859-1-300x200.jpg 300w, https:\/\/faridaglobal.org\/wp-content\/uploads\/2025\/08\/DSC08859-1-768x512.jpg 768w, https:\/\/faridaglobal.org\/wp-content\/uploads\/2025\/08\/DSC08859-1-1536x1024.jpg 1536w, https:\/\/faridaglobal.org\/wp-content\/uploads\/2025\/08\/DSC08859-1-2048x1365.jpg 2048w, https:\/\/faridaglobal.org\/wp-content\/uploads\/2025\/08\/DSC08859-1-18x12.jpg 18w\" sizes=\"auto, (max-width: 1024px) 100vw, 1024px\" \/><\/figure><\/div>\n\n\n<p><\/p>\n\n\n\n<p><b><b><span style=\"color: #047170;\"> How We Work <\/span><\/b><\/b><\/p>\n\n\n\n<p>Our approach is:<\/p>\n\n\n\n<ul class=\"wp-block-list\">\n<li><strong>Survivor-Led:<\/strong> Survivors are not just beneficiaries; they are decision-makers, advocates, and leaders in our programs.<\/li>\n\n\n\n<li><strong>Trauma-Informed:<\/strong> Every service is designed to avoid re-traumatization and to promote dignity, choice, and empowerment.<\/li>\n\n\n\n<li><strong>Culturally Grounded:<\/strong> Programs are tailored to the social, spiritual, and cultural realities of the communities we serve.<\/li>\n\n\n\n<li><strong>Evidence-Based:<\/strong> We integrate international best practices, rigorous monitoring, and survivor feedback into every project.<\/li>\n<\/ul>\n\n\n\n<p><b><b><span style=\"color: #047170;\"> Meet Our Team <\/span><\/b><\/b><\/p>\n\n\n\n<p>Our leadership brings together <strong>survivors, human rights defenders, humanitarian experts, and global policy advocates<\/strong>. Each member carries a unique story of resilience and a shared commitment to justice \u2014 from Farida Khalaf\u2019s global advocacy against ISIS crimes, to Khalid Qasim Salih\u2019s frontline humanitarian leadership in Sinjar, to the legal and psychosocial expertise of our staff working daily in the field.<\/p>\n\n\n\n<p><\/p>\n\n\n\n<p><b><b><span style=\"color: #047170;\">Join Us<\/span><\/b><\/b><\/p>\n\n\n\n<p>The challenges are immense, but so is the potential for change. Every voice, every partnership, and every act of solidarity matters. <strong>We invite donors, universities, human rights networks, and global allies<\/strong> to collaborate with us in shaping a world where survivors lead the path from atrocity to justice, from displacement to home, from trauma to renewed life.<\/p>\n\n\n\n<p><strong>Partner with us. Invest in survivors. Stand for justice.<\/strong><\/p>\n\n\n\n<p><\/p>\n\n\n\n<h3 class=\"wp-block-heading\"><strong>Unser Team<\/strong><\/h3>\n\n\n\n<h5 class=\"wp-block-heading\"><span style=\"color: #087071;\"><strong><mark style=\"background-color:rgba(0, 0, 0, 0)\" class=\"has-inline-color has-black-color\">Farida Khalaf (Co-Founder<\/mark><\/strong><\/span> <strong>and<\/strong> <span style=\"color: #087071;\"><strong><mark style=\"background-color:rgba(0, 0, 0, 0)\" class=\"has-inline-color has-black-color\">President)<\/mark><\/strong><\/span><\/h5>\n\n\n\n<figure class=\"wp-block-image size-full is-resized\"><img loading=\"lazy\" decoding=\"async\" width=\"464\" height=\"309\" src=\"https:\/\/faridaglobal.org\/wp-content\/uploads\/2025\/08\/newsimage400941-edited.jpg\" alt=\"\" class=\"wp-image-1969\" style=\"width:290px;height:auto\" srcset=\"https:\/\/faridaglobal.org\/wp-content\/uploads\/2025\/08\/newsimage400941-edited.jpg 464w, https:\/\/faridaglobal.org\/wp-content\/uploads\/2025\/08\/newsimage400941-edited-300x200.jpg 300w, https:\/\/faridaglobal.org\/wp-content\/uploads\/2025\/08\/newsimage400941-edited-18x12.jpg 18w\" sizes=\"auto, (max-width: 464px) 100vw, 464px\" \/><\/figure>\n\n\n\n<p><mark style=\"background-color:rgba(0, 0, 0, 0)\" class=\"has-inline-color has-black-color\"> is a Human Rights Activist and co-author of &#8220;The Girl who beat ISIS&#8221;. Farida is one of more than 6500 Yazidi survivors of ISIS enslavement and genocide. She was born in the village of Kocho near Sinjar in northern Iraq. She was a high school student when ISIS attacked her village, killing men and taking women and children hostages. Farida lost her father and her older brother. She was taken into captivity with her mother and her other brothers. Her mother escaped 9 months later. Farida was held in captivity for four months, where she was subjected to unimaginable suffering including physical and mental abuse.<\/mark><\/p>\n\n\n\n<p><mark style=\"background-color:rgba(0, 0, 0, 0)\" class=\"has-inline-color has-black-color\">Seit ihrer Flucht ist Farida wichtiger Teil einer globalen Kampagne, um ISIS K\u00e4mpfer vor Gericht zu bringen, das Bewusstsein zu sch\u00e4rfen und internationale Aufmerksamkeit auf den V\u00f6lkermord zu lenken. Sie traf sich bereits mit vielen f\u00fchrenden Politiker:innen der Welt, darunter Bundeskanzlerin Angela Merkel, Bundestagspr\u00e4sident Wolfgang Sch\u00e4uble und eine Reihe weiterer europ\u00e4ischer Pr\u00e4sident:innen und EU-Parlamentarier:innen. Farida hat auf vielen hochrangigen internationalen Veranstaltungen in Europa und auf der ganzen Welt gesprochen. Ihr Buch \"Das M\u00e4dchen, das den IS Besiegte\" wurde ver\u00f6ffentlicht und in mehr als 14 Sprachen \u00fcbersetzt. <em>The Girls Who Beat ISIS<\/em>, has been published and translated in more than 14 languages.<\/mark><\/p>\n\n\n\n<p><mark style=\"background-color:rgba(0, 0, 0, 0)\" class=\"has-inline-color has-black-color\">Farida ist die Gewinnerin des Pro Dignitate Humana Preises 2017 des polnischen Au\u00dfenministers und des Marsh Award for Peacemaking and Peacekeeping von Wilton Park 2017, einer Exekutivagentur des Foreign Commonwealth Office-UK der Regierung sowie des LiberPress Award 2017. Farida erhielt au\u00dferdem den Annual Human Rights Judith Lee Stronach Award 2020. Des Weiteren wirkte sie an dem Dokumentarfilm Mit Worten gegen den IS \u2013 Eine Jesidin erhebt die Stimme mit. Farida sprach mit zahlreichen internationalen Medien, darunter BBC, SWR, Reuters, DW, RT, CBC und andere.<\/mark><\/p>\n\n\n\n<h5 class=\"wp-block-heading has-text-color\" style=\"color:#0071a1\"><\/h5>\n\n\n\n<p><strong>Sanaa Ali Alneamat (Co-Founder, Board Member and Director For Women\u2019s and Survivor\u2019s Affairs)<\/strong> <\/p>\n\n\n\n<figure class=\"wp-block-image size-large is-resized\"><img loading=\"lazy\" decoding=\"async\" width=\"2560\" height=\"1709\" src=\"https:\/\/faridaglobal.org\/wp-content\/uploads\/2025\/08\/8-The-Women-Who-Beat-ISIS-Exhibition-edited-scaled.jpg\" alt=\"\" class=\"wp-image-1952\" style=\"width:262px;height:auto\" srcset=\"https:\/\/faridaglobal.org\/wp-content\/uploads\/2025\/08\/8-The-Women-Who-Beat-ISIS-Exhibition-edited-scaled.jpg 2560w, https:\/\/faridaglobal.org\/wp-content\/uploads\/2025\/08\/8-The-Women-Who-Beat-ISIS-Exhibition-edited-300x200.jpg 300w, https:\/\/faridaglobal.org\/wp-content\/uploads\/2025\/08\/8-The-Women-Who-Beat-ISIS-Exhibition-edited-1024x683.jpg 1024w, https:\/\/faridaglobal.org\/wp-content\/uploads\/2025\/08\/8-The-Women-Who-Beat-ISIS-Exhibition-edited-768x513.jpg 768w, https:\/\/faridaglobal.org\/wp-content\/uploads\/2025\/08\/8-The-Women-Who-Beat-ISIS-Exhibition-edited-1536x1025.jpg 1536w, https:\/\/faridaglobal.org\/wp-content\/uploads\/2025\/08\/8-The-Women-Who-Beat-ISIS-Exhibition-edited-2048x1367.jpg 2048w, https:\/\/faridaglobal.org\/wp-content\/uploads\/2025\/08\/8-The-Women-Who-Beat-ISIS-Exhibition-edited-18x12.jpg 18w\" sizes=\"auto, (max-width: 2560px) 100vw, 2560px\" \/><\/figure>\n\n\n\n<p>Sanaa was a student at Mosul University in the field of Geography when she was abducted by ISIS in Kocho. Today, Sanaa is a distinguished human and women\u2019s rights activist, contributing to international, national, and local conferences throughout Europe, with a focus on survivors\u2019 perspectives. She is currently working as an interpreter and is the Director for Women\u2019s and Survivor\u2019s Affairs at FG with a strong skillset in participatory and survivor-centric programming.<\/p>\n\n\n\n<p><\/p>\n\n\n\n<p><strong>Intisar Oso (<strong><mark style=\"background-color:rgba(0, 0, 0, 0)\" class=\"has-inline-color has-black-color\">Co-Founder<\/mark><\/strong> and Board Member)<\/strong> <\/p>\n\n\n\n<figure class=\"wp-block-image size-large is-resized\"><img loading=\"lazy\" decoding=\"async\" width=\"327\" height=\"144\" src=\"https:\/\/faridaglobal.org\/wp-content\/uploads\/2025\/08\/Farida-Global-1-edited-1.jpg\" alt=\"\" class=\"wp-image-1954\" style=\"width:375px;height:auto\" srcset=\"https:\/\/faridaglobal.org\/wp-content\/uploads\/2025\/08\/Farida-Global-1-edited-1.jpg 327w, https:\/\/faridaglobal.org\/wp-content\/uploads\/2025\/08\/Farida-Global-1-edited-1-300x132.jpg 300w, https:\/\/faridaglobal.org\/wp-content\/uploads\/2025\/08\/Farida-Global-1-edited-1-18x8.jpg 18w\" sizes=\"auto, (max-width: 327px) 100vw, 327px\" \/><\/figure>\n\n\n\n<p>Intisar is a human and women\u2019s rights activist known for her eminent work in advocating for safe and legal routes of entry to Europe. As a participant of Baden-W\u00fcrttemberg\u2019s Special Quote Program and in the context of her personal and her family\u2019s history, with one of her sisters rescued from ISIS just months ago, her work with FG particularly focuses on a new Special Quota Program to Germany for vulnerable survivors still living in Iraq and family reunification.<\/p>\n\n\n\n<p><\/p>\n\n\n\n<p><strong>Miriam Weller (Communications Director)<\/strong> <\/p>\n\n\n\n\n\n<p>has an academic background in political sciences and international relations, with a focus on the fields of migration and climate change. She has professional experience working with international organizations and the European Parliament, focusing on the intersection of climate change and human mobility. At Farida Global, she is the project coordinator for the exhibition \u201cThe Women Who Beat ISIS\u201d and responsible for the fields of communication and media.<\/p>\n\n\n\n<h5 class=\"wp-block-heading\"><\/h5>\n\n\n\n<p><strong>Astrid komp (<strong>Co-Founder<\/strong><\/strong>, <strong>Board Member, Psychological and Staff Care Advisor)<\/strong> when the crisis hit in 2014 astrid had just graduated from nursing (BSC) and child psychology (MSC); she was at work in south east Asia as a volunteer. September 2016 Astrid started working for an international humanitarian organization in northern Iraq (Sinjar, Kirkuk, Mosul and Dohuk) to provide healthcare and psychosocial support to refugees and internally displaced people. Astrid specialized herself, while working in Iraq, with a master in international humanitarian psychosocial interventions to be able to provide better quality and evidence based support. Astrid worked for over three years with different organizations in northern Iraq as health\/psychosocial manager, protection project manager and area manager. She managed to learn the basics of the local language and gained a great understanding of the culture and context of the country\/history. Astrid is touched by the stories of many people within Iraq and is deeply moved to support them in any way needed. Astrid was asked to join the board of Farida Global Organization and will advise the organization with her technical knowledge on psychosocial support, staff care and project management.<\/p>\n\n\n\n<p><\/p>\n\n\n\n<p><strong>Saeed Qasim Sulaiman (Co-Founder)<\/strong><\/p>\n\n\n\n<figure class=\"wp-block-image size-large is-resized\"><img loading=\"lazy\" decoding=\"async\" width=\"686\" height=\"455\" src=\"https:\/\/faridaglobal.org\/wp-content\/uploads\/2025\/08\/Saeed-Qasim-Sulaiman-1-edited.jpg\" alt=\"\" class=\"wp-image-1960\" style=\"width:323px;height:auto\" srcset=\"https:\/\/faridaglobal.org\/wp-content\/uploads\/2025\/08\/Saeed-Qasim-Sulaiman-1-edited.jpg 686w, https:\/\/faridaglobal.org\/wp-content\/uploads\/2025\/08\/Saeed-Qasim-Sulaiman-1-edited-300x199.jpg 300w, https:\/\/faridaglobal.org\/wp-content\/uploads\/2025\/08\/Saeed-Qasim-Sulaiman-1-edited-18x12.jpg 18w\" sizes=\"auto, (max-width: 686px) 100vw, 686px\" \/><\/figure>\n\n\n\n<p> is a human rights activist and advocate for the protection of Yazidis, Christians and other minorities. Thanks to his involvement and hard work as a volunteer in the humanitarian sector from a very young age, Saeed was elected, at age 16, to the position of Youth Center Director in Kurdistan-Iraq. Saeed spent more than five years supporting refugees and IDPs, and in 2015, he established one of the first volunteer centers in Iraq. After moving to Germany in 2015, Saeed has dedicated his life to supporting Yazidi women and children who have survived ISIS captivity. This involves meeting with leaders and government officials from all over the world. Over the past few years, Saeed has volunteered his time to work with Mrs. Amal Clooney\u2019s legal team. He supported the team during two cases against ISIS members for international crimes. These were the first of such cases anywhere in the world. He holds a B.A. in Political Science from the University of Duhok and an M.A. in Development and Governance from University of Duisburg-Essen.<\/p>\n\n\n\n<h5 class=\"wp-block-heading\"><\/h5>\n\n\n\n<p><strong>Khalid Qasim Salih (Co- Founder and Country Director &#8211; Iraq)<\/strong> <\/p>\n\n\n\n<figure class=\"wp-block-image size-large is-resized\"><img loading=\"lazy\" decoding=\"async\" width=\"1113\" height=\"741\" src=\"https:\/\/faridaglobal.org\/wp-content\/uploads\/2025\/08\/4528d698-8a82-4d47-abf8-cee44934857b-edited.jpg\" alt=\"\" class=\"wp-image-1957\" style=\"width:314px;height:auto\" srcset=\"https:\/\/faridaglobal.org\/wp-content\/uploads\/2025\/08\/4528d698-8a82-4d47-abf8-cee44934857b-edited.jpg 1113w, https:\/\/faridaglobal.org\/wp-content\/uploads\/2025\/08\/4528d698-8a82-4d47-abf8-cee44934857b-edited-300x200.jpg 300w, https:\/\/faridaglobal.org\/wp-content\/uploads\/2025\/08\/4528d698-8a82-4d47-abf8-cee44934857b-edited-1024x682.jpg 1024w, https:\/\/faridaglobal.org\/wp-content\/uploads\/2025\/08\/4528d698-8a82-4d47-abf8-cee44934857b-edited-768x511.jpg 768w, https:\/\/faridaglobal.org\/wp-content\/uploads\/2025\/08\/4528d698-8a82-4d47-abf8-cee44934857b-edited-18x12.jpg 18w\" sizes=\"auto, (max-width: 1113px) 100vw, 1113px\" \/><\/figure>\n\n\n\n<p>was living in Sinjar happily and having many friends around him. Khalid, holding a BSc. Engineering and humanitarian Leadership from American University in Beirut, was working in the Sinjar region. He is a humanitarian aid worker and a human rights defender for the vulnerable and poor families. In 2014, he had to forcibly flee his home with his family and run into Kurdistan Regional of Iraq (KR-I) for safety and thus he survived from the Genocide happened against his community \u201cYazidis\u201d. From the very first days of the displacement, Khalid started advocating and asking for help for his people, especially around 120,000 people that were trapped on the Sinjar Mount. He helped with air dropping to the people trapped on the Sinjar mountain in August, 2014. While the crisis was getting more chronic and taking longer than anyone expected, Khalid started to be involved in more community centered activities. He joined and co-founded the voluntary center within the University of Duhok \u201cVolunteers of Duhok University (VDU)\u201d. Khalid, with proper and long training from IAHV, was able to be certified as a trainer and was assigned as a peace ambassador. Khalid trained hundreds of displaced people in displacement camps in Iraq to help the traumatized people to overcome the trauma and to relieve stress. Khalid, since 2014 is working as a humanitarian aid worker with MEDAIR (a Swiss international organization) to deliver assistance to the most vulnerable families across all Iraq.\u00a0<\/p>\n\n\n\n<p><\/p>\n\n\n\n<p><strong>Khawla Ali ( Counselor at Farida Global Organization in Iraq)<\/strong> <\/p>\n\n\n\n<figure class=\"wp-block-image size-large is-resized\"><img loading=\"lazy\" decoding=\"async\" width=\"463\" height=\"616\" src=\"https:\/\/faridaglobal.org\/wp-content\/uploads\/2025\/08\/photo_5228716645718018091_y-edited-1.jpg\" alt=\"\" class=\"wp-image-1956\" style=\"width:251px;height:auto\" srcset=\"https:\/\/faridaglobal.org\/wp-content\/uploads\/2025\/08\/photo_5228716645718018091_y-edited-1.jpg 463w, https:\/\/faridaglobal.org\/wp-content\/uploads\/2025\/08\/photo_5228716645718018091_y-edited-1-225x300.jpg 225w, https:\/\/faridaglobal.org\/wp-content\/uploads\/2025\/08\/photo_5228716645718018091_y-edited-1-9x12.jpg 9w\" sizes=\"auto, (max-width: 463px) 100vw, 463px\" \/><\/figure>\n\n\n\n<p>She is specializing in the Yazidi Survivor&#8217;s Law (YSL) since 2022. A passionate advocate for survivors of Conflict-Related Sexual Violence (CRSV), Khawla, a Yazidi survivor of enslavement by ISIS, has dedicated herself to defending human rights. In her role, she has successfully supported thousands of survivors, ensuring access to reparations and legal services. Khawla&#8217;s powerful mandate is to transition from the enslavement by a terrorist organization to championing human rights within a humanitarian organization. Her message is &#8220;From enslavement of a terrorist organization to defend human rights in a humanitarian\u00a0organization&#8221;.<\/p>\n\n\n\n<p><\/p>\n\n\n\n<p><strong>Brilliant Edudzi Dziko (<strong>Co-Founder<\/strong><\/strong> <strong>and Strategic &amp; Development Officer)<\/strong> <\/p>\n\n\n\n\n\n<p>is an international development policy analyst who began his career as an advocacy volunteer with curious minds Ghana and then served as the national coordinator for the African youth and adolescents network on population and development (African Ghana) with unfpa affiliation. He holds a B.A. degree in political studies and economics from the Kwame Nkrumah University of science and technology and has worked as programmes assistant with the democratic governance and peacebuilding unit of UNDP in Ghana. Brilliant has also served in the unmgcy led organizing committee for the United Nations economic and social council youth forum at the UN headquarters in New York and other international high level events. Currently, brilliant doubles as a scholar in ma. development &amp; governance in DAAD Helmut Schmidt Programme, Universit\u00e4t Duisburg-Essen and an assistant SDG`s policy research consultant with the German development institute in Bonn, Germany. Brilliant believes that the story of ISIS persecution of the Yazidi community in Iraq must be viewed from a global lens and is pleased to join the strategy unit and support team Farida Global Organization with his expertise.<\/p>\n\n\n\n<p><\/p>","protected":false},"excerpt":{"rendered":"<p>Farida Global Organization Survivors Leading Change. Communities Restoring Hope. Justice Driving Action. Farida Global Organization (Farida e.V.) is a survivor-founded, survivor-led non-profit committed to defending human rights, securing justice, and restoring dignity to those affected by genocide, mass atrocities, and conflict-related sexual violence (CRSV). Founded by Yazidi women and men who themselves survived ISIS captivity and displacement, we stand as [&hellip;]<\/p>","protected":false},"author":2,"featured_media":0,"parent":0,"menu_order":0,"comment_status":"closed","ping_status":"closed","template":"","meta":{"footnotes":""},"class_list":["post-20","page","type-page","status-publish","hentry"],"aioseo_notices":[],"_links":{"self":[{"href":"https:\/\/faridaglobal.org\/de\/wp-json\/wp\/v2\/pages\/20","targetHints":{"allow":["GET"]}}],"collection":[{"href":"https:\/\/faridaglobal.org\/de\/wp-json\/wp\/v2\/pages"}],"about":[{"href":"https:\/\/faridaglobal.org\/de\/wp-json\/wp\/v2\/types\/page"}],"author":[{"embeddable":true,"href":"https:\/\/faridaglobal.org\/de\/wp-json\/wp\/v2\/users\/2"}],"replies":[{"embeddable":true,"href":"https:\/\/faridaglobal.org\/de\/wp-json\/wp\/v2\/comments?post=20"}],"version-history":[{"count":161,"href":"https:\/\/faridaglobal.org\/de\/wp-json\/wp\/v2\/pages\/20\/revisions"}],"predecessor-version":[{"id":1970,"href":"https:\/\/faridaglobal.org\/de\/wp-json\/wp\/v2\/pages\/20\/revisions\/1970"}],"wp:attachment":[{"href":"https:\/\/faridaglobal.org\/de\/wp-json\/wp\/v2\/media?parent=20"}],"curies":[{"name":"wp","href":"https:\/\/api.w.org\/{rel}","templated":true}]}}